{"id":7,"date":"2020-01-10T21:35:16","date_gmt":"2020-01-10T21:35:16","guid":{"rendered":"http:\/\/christian-metzger.com\/?page_id=7"},"modified":"2026-04-28T16:35:12","modified_gmt":"2026-04-28T16:35:12","slug":"home","status":"publish","type":"page","link":"http:\/\/christian-metzger.com\/","title":{"rendered":"home"},"content":{"rendered":"\t\t<div data-elementor-type=\"wp-page\" data-elementor-id=\"7\" class=\"elementor elementor-7\">\n\t\t\t\t\t\t<section class=\"elementor-section elementor-top-section elementor-element elementor-element-d842ead elementor-section-boxed elementor-section-height-default elementor-section-height-default\" data-id=\"d842ead\" data-element_type=\"section\" data-e-type=\"section\">\n\t\t\t\t\t\t<div class=\"elementor-container elementor-column-gap-default\">\n\t\t\t\t\t<div class=\"elementor-column elementor-col-100 elementor-top-column elementor-element elementor-element-a6dd97b\" data-id=\"a6dd97b\" data-element_type=\"column\" data-e-type=\"column\">\n\t\t\t<div class=\"elementor-widget-wrap elementor-element-populated\">\n\t\t\t\t\t\t<div class=\"elementor-element elementor-element-402a63e elementor-widget elementor-widget-text-editor\" data-id=\"402a63e\" data-element_type=\"widget\" data-e-type=\"widget\" data-widget_type=\"text-editor.default\">\n\t\t\t\t<div class=\"elementor-widget-container\">\n\t\t\t\t\t\t\t\t\t<h2 class=\"elementor-heading-title elementor-size-medium elementor-inline-editing pen\" contenteditable=\"true\" data-elementor-setting-key=\"title\" data-pen-placeholder=\"Eingabe hier...\">Herzlich Willkommen auf meiner Autorenseite und viel Spa\u00df beim St\u00f6bern!<br \/><br \/>Ich schreibe Fantasy-Geschichten, und auf diesen Seiten findet ihr alles Wissenswerte \u00fcber mich und meine Ver\u00f6ffentlichungen.<\/h2>\t\t\t\t\t\t\t\t<\/div>\n\t\t\t\t<\/div>\n\t\t\t\t\t<\/div>\n\t\t<\/div>\n\t\t\t\t\t<\/div>\n\t\t<\/section>\n\t\t\t\t<section class=\"elementor-section elementor-top-section elementor-element elementor-element-f1c47ec elementor-section-boxed elementor-section-height-default elementor-section-height-default\" data-id=\"f1c47ec\" data-element_type=\"section\" data-e-type=\"section\">\n\t\t\t\t\t\t<div class=\"elementor-container elementor-column-gap-default\">\n\t\t\t\t\t<div class=\"elementor-column elementor-col-100 elementor-top-column elementor-element elementor-element-69343ae\" data-id=\"69343ae\" data-element_type=\"column\" data-e-type=\"column\">\n\t\t\t<div class=\"elementor-widget-wrap elementor-element-populated\">\n\t\t\t\t\t\t<div class=\"elementor-element elementor-element-5f3d2eb elementor-widget elementor-widget-image\" data-id=\"5f3d2eb\" data-element_type=\"widget\" data-e-type=\"widget\" data-widget_type=\"image.default\">\n\t\t\t\t<div class=\"elementor-widget-container\">\n\t\t\t\t\t\t\t\t\t\t\t\t\t\t\t<img decoding=\"async\" src=\"http:\/\/christian-metzger.com\/wp-content\/uploads\/elementor\/thumbs\/testh-onvnmuxy4dk0xagi92svid584p412lf4rplou3x66g.jpg\" title=\"testh\" alt=\"testh\" loading=\"lazy\" \/>\t\t\t\t\t\t\t\t\t\t\t\t\t\t\t<\/div>\n\t\t\t\t<\/div>\n\t\t\t\t<div class=\"elementor-element elementor-element-0c10356 elementor-widget elementor-widget-text-editor\" data-id=\"0c10356\" data-element_type=\"widget\" data-e-type=\"widget\" data-widget_type=\"text-editor.default\">\n\t\t\t\t<div class=\"elementor-widget-container\">\n\t\t\t\t\t\t\t\t\t<p>26.04.2026<\/p><p>Die 1. Viernheimer Buchmesse findet in Viernheim statt &#8211; veranstaltet von Vernes Federn (Odine Raven und mir) mit dem Lernmobil Viernheim e.V.<\/p><p>15.10.2025<\/p><p>Die Ver\u00f6ffentlichung der Anthologie &#8222;Humorvollen Sp\u00e4tlese&#8220;, bei der ich Mitherausgeber bin, ist in den Startl\u00f6chern. Am 26.4.2026 findet in Viernheim die 1. Viernheimer Buchmesse statt<\/p><p>11.07.2025<\/p><p>Der &#8222;Fahrplan&#8220; f\u00fcr das Restjahr: 10. September &#8211; Autorenlesung mit den Phantastik Autoren Speyer; 13. September KatzKon in Karlsruhe; 6. und 7. Dezember Weihnachtsmarkt im Vogelpark Viernheim<\/p><p>13.02.2025<\/p><p>Autorenlesung mit Livemusik im Bistro StAy in Heddesheim (mit Odine Raven, Quest 42 und meiner Wenigkeit). Ab 19:30 Uhr, Reservierung vorab erw\u00fcnscht.<\/p><p>31.12.2024<\/p><p>Im Shadodex-Verlag l\u00e4uft die Ausschreibung &#8222;Myteri\u00f6se Sp\u00e4tlese&#8220; &#8211; Odine Raven und ich fungieren als Herausgeber. Wir freuen uns \u00fcber jeden, der teilnimmt!<\/p><p>30.09.2024<\/p><p>Am 3. November findet in der Kulturscheune Viernheim ab 14 Uhr eine Lesung mit Live Musik statt &#8211; Kaffee und Kuchen zugunsten des Vogelparks!<\/p><p>30.05.2024<\/p><p>Am 7. Juli findet im Vogelpark Viernheim ab 13 Uhr eine Autorenlesung mit 4 Autoren und Live Musik statt. Kaffee und Kuchen sind zugunsten des Vogelpark Viernheim.<\/p><p>01.03.2024<\/p><p>Gleich noch eine Anthologie-Ver\u00f6ffentlichung &#8211; mit meiner Kurzgeschichte &#8222;Familientradition&#8220; in der Anthologie &#8222;Fantastische Liebe Band 1&#8220; bei Edition Paashaas Verlag.<\/p><p>04.02.2024<\/p><p>Eine neue Anthologie-Ver\u00f6ffentlichung ist da, &#8222;Das M\u00e4dchen und der Wasserdrache&#8220; in der Anthologie &#8222;Drachenfeuer&#8220; im Sperling Verlag. F\u00fcr 2024 sind auch die ersten Buchmessen geplant:\u00a0 Buchmesse im Ried\/ Stockstadt (9. und 10. M\u00e4rz) und Buchmesse Nidderau (20. und 21. April)<\/p><p>09.05.2023<\/p><p>Eine neue Kurzgeschichte von mir ist in der Anthologie &#8222;Fantastische Elemente: Erde&#8220; im GeschichtenZisterne Verlag erschienen. Und am 4. Juni wird es ab 13 Uhr eine Autorenlesung mit Musik im Vogelpark Viernheim geben.\u00a0<\/p><p>13.01.2023<\/p><p>Die ersten Termine f\u00fcr das neue Jahr sind schon da: 08.02.: Tag der offenen T\u00fcr mit der Schreibgruppe Phantastik Autoren Speyer in Speyer\/ 29.\/30.04.: Buchmesse Nidderau; 17.\/18.06.: Feencon in Bonn<\/p><p>22.09.2022<\/p><p>Am 1.10. erscheint eine neue Kurzgeschichte von mir in der Anthologie &#8222;Schwertgesang und Zauberschatten&#8220; im Machandel Verlag (Herausgeberin: Birgit Otten)<\/p><p>01.05.2022<\/p><p>Am 22. Mai finden meine erste Autorenlesung mit &#8222;Selbst Feen k\u00f6nnen sterben&#8220; im Vogelpark Viernheim statt. Das Ganze findet ab 14 Uhr statt, es lesen noch drei weitere Autoren und es gibt Live-Musik.<\/p><p>27.01.2022<\/p><p>Gro\u00dfe Ereignisse werfen ihre Schatten voraus &#8211; am 21. Februar erscheint mein Deb\u00fctroman &#8222;Selbst Feen k\u00f6nnen sterben&#8220;. N\u00e4heres in der Rubrik <a href=\"http:\/\/christian-metzger.com\/?page_id=16\">\u00a0Ver\u00f6ffentlichungen<\/a><\/p><p>23.12.2021\u00a0<\/p><p>Anfang Februar gebe ich einen Kurs im Bereich &#8222;Kreatives Schreiben&#8220; an der VHS Viernheim: <a href=\"https:\/\/www.vhs-viernheim.de\/programm\/kultur-gestalten\/kurs\/Die-eigene-Kurzgeschichte-bei-einem-Verlag-einreichen\/22-2.0201?Contrast=0%3Bknradd20-1.1102%3B\">Die eigene Kurzgeschichte bei einem Verlag einreichen (vhs-viernheim.de)<\/a><\/p><p>07.09.2021<\/p><p>Am 29. Oktober findet meine erste Lesung statt. Zusammen mit den Phantastik Autoren Speyer lese ich aus der Anthologie &#8222;Klein Fein B\u00f6se&#8220; in Speyer (Villa Ecarius (Vortragssaal) Bahnhofstr. 54). Die Veranstaltung beginnt um 19:30, Vorverkauf \u00fcber die Stadtbibliothek Speyer.<\/p><p>14.08.2021<\/p><p>Nachdem es hier etwas ruhiger geworden war, gibt es einen neue ver\u00f6ffentliche Kurzgeschichte von mir. In der Anthologie &#8222;Klein Fein B\u00f6se&#8220; des Arcanum Verlags bin ich vertreten. Das Buch kann unter anderem direkt beim Verlagsshop bestellt werden (<a href=\"https:\/\/www.saphir-im-stahl.de\/produkt\/klein-fein-boese-kurzgeschichten\/\">Klein Fein B\u00f6se \u2013 Kurzgeschichten (saphir-im-stahl.de).<\/a><\/p><p>15.09.2020<\/p><p>Es gibt etwas zu verk\u00fcnden &#8211; meine zweite Ver\u00f6ffentlichung ist da! Ich habe es mit einer Kurzgeschichte in die Anthologie &#8222;Die Chronik der Zombieflauschapokalypse&#8220; des Chaospony Verlags geschafft. Das Buch kann auf den \u00fcblichen Wegen, aber auch direkt beim Verlag (<a style=\"font-size: 14px; background-color: #ffe6a7;\" href=\"https:\/\/chaospony-verlag.de\/produkt\/zombiekleintiere\/\">https:\/\/chaospony-verlag.de\/produkt\/zombiekleintiere\/<\/a>) bestellt werden.<span style=\"font-size: 14px;\">\u00a0<\/span><\/p><p>01.03.2020<\/p><p>In wenigen Tagen erscheint meine erste Ver\u00f6ffentlichung! Meine Kurzgeschichte &#8222;Der Zorn des Kelpie&#8220; ist in der Anthologie &#8222;Irische M\u00e4rchen Update 1.1 &#8211; Wer Elfen vertraut ist selbst schuld&#8220; vertreten (erscheint im Machandel Verlag). N\u00e4heres unter <a href=\"http:\/\/christian-metzger.com\/?page_id=16\">Ver\u00f6ffentlichungen<\/a>.<\/p><p>25.01.2020<\/p><p>Meine Autorenhomepage ist nun im Internet. Es war ein St\u00fcck Arbeit, sich in das ganze Design einzuarbeiten, aber sie ist endlich fertig. Nun muss nur noch etwas mehr Inhalt rein, aber ich hoffe hier in den kommenden Wochen auf Zuwachs im Bereich &#8222;Ver\u00f6ffentlichungen&#8220;&#8230;<\/p>\t\t\t\t\t\t\t\t<\/div>\n\t\t\t\t<\/div>\n\t\t\t\t\t<\/div>\n\t\t<\/div>\n\t\t\t\t\t<\/div>\n\t\t<\/section>\n\t\t\t\t<section class=\"elementor-section elementor-top-section elementor-element elementor-element-23410f2 elementor-section-boxed elementor-section-height-default elementor-section-height-default\" data-id=\"23410f2\" data-element_type=\"section\" data-e-type=\"section\">\n\t\t\t\t\t\t<div class=\"elementor-container elementor-column-gap-default\">\n\t\t\t\t\t<div class=\"elementor-column elementor-col-100 elementor-top-column elementor-element elementor-element-1730c85\" data-id=\"1730c85\" data-element_type=\"column\" data-e-type=\"column\">\n\t\t\t<div class=\"elementor-widget-wrap\">\n\t\t\t\t\t\t\t<\/div>\n\t\t<\/div>\n\t\t\t\t\t<\/div>\n\t\t<\/section>\n\t\t\t\t<\/div>\n\t\t","protected":false},"excerpt":{"rendered":"<p>Herzlich Willkommen auf meiner Autorenseite und viel Spa\u00df beim St\u00f6bern! Ich schreibe Fantasy-Geschichten, und auf diesen Seiten findet ihr alles Wissenswerte \u00fcber mich und meine Ver\u00f6ffentlichungen. 26.04.2026 Die 1. Viernheimer Buchmesse findet in Viernheim statt &#8211; veranstaltet von Vernes Federn (Odine Raven und mir) mit dem Lernmobil Viernheim e.V. 15.10.2025 Die Ver\u00f6ffentlichung der Anthologie &#8222;Humorvollen [&hellip;]<\/p>\n","protected":false},"author":1,"featured_media":42,"parent":0,"menu_order":0,"comment_status":"closed","ping_status":"closed","template":"","meta":{"ocean_post_layout":"full-screen","ocean_both_sidebars_style":"","ocean_both_sidebars_content_width":0,"ocean_both_sidebars_sidebars_width":0,"ocean_sidebar":"0","ocean_second_sidebar":"0","ocean_disable_margins":"enable","ocean_add_body_class":"","ocean_shortcode_before_top_bar":"","ocean_shortcode_after_top_bar":"","ocean_shortcode_before_header":"","ocean_shortcode_after_header":"","ocean_has_shortcode":"","ocean_shortcode_after_title":"","ocean_shortcode_before_footer_widgets":"","ocean_shortcode_after_footer_widgets":"","ocean_shortcode_before_footer_bottom":"","ocean_shortcode_after_footer_bottom":"","ocean_display_top_bar":"on","ocean_display_header":"on","ocean_header_style":"","ocean_center_header_left_menu":"0","ocean_custom_header_template":"0","ocean_custom_logo":0,"ocean_custom_retina_logo":0,"ocean_custom_logo_max_width":0,"ocean_custom_logo_tablet_max_width":0,"ocean_custom_logo_mobile_max_width":0,"ocean_custom_logo_max_height":0,"ocean_custom_logo_tablet_max_height":0,"ocean_custom_logo_mobile_max_height":0,"ocean_header_custom_menu":"0","ocean_menu_typo_font_family":"0","ocean_menu_typo_font_subset":"","ocean_menu_typo_font_size":0,"ocean_menu_typo_font_size_tablet":0,"ocean_menu_typo_font_size_mobile":0,"ocean_menu_typo_font_size_unit":"px","ocean_menu_typo_font_weight":"","ocean_menu_typo_font_weight_tablet":"","ocean_menu_typo_font_weight_mobile":"","ocean_menu_typo_transform":"","ocean_menu_typo_transform_tablet":"","ocean_menu_typo_transform_mobile":"","ocean_menu_typo_line_height":0,"ocean_menu_typo_line_height_tablet":0,"ocean_menu_typo_line_height_mobile":0,"ocean_menu_typo_line_height_unit":"","ocean_menu_typo_spacing":0,"ocean_menu_typo_spacing_tablet":0,"ocean_menu_typo_spacing_mobile":0,"ocean_menu_typo_spacing_unit":"","ocean_menu_link_color":"","ocean_menu_link_color_hover":"","ocean_menu_link_color_active":"","ocean_menu_link_background":"","ocean_menu_link_hover_background":"","ocean_menu_link_active_background":"","ocean_menu_social_links_bg":"","ocean_menu_social_hover_links_bg":"","ocean_menu_social_links_color":"","ocean_menu_social_hover_links_color":"","ocean_disable_title":"on","ocean_disable_heading":"default","ocean_post_title":"","ocean_post_subheading":"","ocean_post_title_style":"","ocean_post_title_background_color":"","ocean_post_title_background":0,"ocean_post_title_bg_image_position":"","ocean_post_title_bg_image_attachment":"","ocean_post_title_bg_image_repeat":"","ocean_post_title_bg_image_size":"","ocean_post_title_height":0,"ocean_post_title_bg_overlay":0.5,"ocean_post_title_bg_overlay_color":"","ocean_disable_breadcrumbs":"default","ocean_breadcrumbs_color":"","ocean_breadcrumbs_separator_color":"","ocean_breadcrumbs_links_color":"","ocean_breadcrumbs_links_hover_color":"","ocean_display_footer_widgets":"on","ocean_display_footer_bottom":"on","ocean_custom_footer_template":"0","footnotes":""},"class_list":["post-7","page","type-page","status-publish","has-post-thumbnail","hentry","entry","has-media"],"_links":{"self":[{"href":"http:\/\/christian-metzger.com\/index.php?rest_route=\/wp\/v2\/pages\/7","targetHints":{"allow":["GET"]}}],"collection":[{"href":"http:\/\/christian-metzger.com\/index.php?rest_route=\/wp\/v2\/pages"}],"about":[{"href":"http:\/\/christian-metzger.com\/index.php?rest_route=\/wp\/v2\/types\/page"}],"author":[{"embeddable":true,"href":"http:\/\/christian-metzger.com\/index.php?rest_route=\/wp\/v2\/users\/1"}],"replies":[{"embeddable":true,"href":"http:\/\/christian-metzger.com\/index.php?rest_route=%2Fwp%2Fv2%2Fcomments&post=7"}],"version-history":[{"count":121,"href":"http:\/\/christian-metzger.com\/index.php?rest_route=\/wp\/v2\/pages\/7\/revisions"}],"predecessor-version":[{"id":436,"href":"http:\/\/christian-metzger.com\/index.php?rest_route=\/wp\/v2\/pages\/7\/revisions\/436"}],"wp:featuredmedia":[{"embeddable":true,"href":"http:\/\/christian-metzger.com\/index.php?rest_route=\/wp\/v2\/media\/42"}],"wp:attachment":[{"href":"http:\/\/christian-metzger.com\/index.php?rest_route=%2Fwp%2Fv2%2Fmedia&parent=7"}],"curies":[{"name":"wp","href":"https:\/\/api.w.org\/{rel}","templated":true}]}}